{"id":113,"date":"2025-08-16T10:26:30","date_gmt":"2025-08-16T10:26:30","guid":{"rendered":"https:\/\/haziad.org.tr\/?page_id=113"},"modified":"2025-11-06T16:32:51","modified_gmt":"2025-11-06T16:32:51","slug":"baskan-vekili","status":"publish","type":"page","link":"https:\/\/haziad.org.tr\/?page_id=113","title":{"rendered":"Ba\u015fkan Vekili"},"content":{"rendered":"<div class=\"wp-block-image\">\n<figure class=\"alignleft size-full is-resized\"><img fetchpriority=\"high\" decoding=\"async\" width=\"309\" height=\"373\" src=\"https:\/\/haziad.org.tr\/wp-content\/uploads\/2025\/11\/Cemil_koc.png\" alt=\"\" class=\"wp-image-436\" style=\"width:298px;height:auto\" srcset=\"https:\/\/haziad.org.tr\/wp-content\/uploads\/2025\/11\/Cemil_koc.png 309w, https:\/\/haziad.org.tr\/wp-content\/uploads\/2025\/11\/Cemil_koc-249x300.png 249w\" sizes=\"(max-width: 309px) 100vw, 309px\" \/><\/figure>\n<\/div>\n\n\n<p class=\"wp-block-paragraph\"><strong>De\u011ferli Arkada\u015flar\u0131m ve Sevgili Meslekta\u015flar\u0131m,<\/strong><\/p>\n\n\n\n<p class=\"wp-block-paragraph\">Derne\u011fimizin 2025 y\u0131l\u0131 se\u00e7imlerinde b\u00fcy\u00fck bir tevecc\u00fch g\u00f6stererek beni ve y\u00f6netim kurulunda bu onurlu makama lay\u0131k g\u00f6rd\u00fc\u011f\u00fcn\u00fcz i\u00e7in hepinize i\u00e7tenlikle te\u015fekk\u00fcr ediyorum. Hen\u00fcz yeni olan derne\u011fimizin yeni d\u00f6neminde ba\u015fkan se\u00e7ilmekten dolay\u0131 son derece gururluyum.<br>Ba\u015fta y\u00f6netim kurulu olmak \u00fczere t\u00fcm \u00fcyelerimizin destekleri ile birlikte yeni ve faydal\u0131 \u00a0projelere<br>imza ataca\u011f\u0131m\u0131za inanc\u0131m tamd\u0131r.<br>Meslek camiam\u0131zda \u00e7ok sayg\u0131n bir yeri olan Hazar \u0130\u015f Adamlar\u0131 Derne\u011fi\u2019ne \u00fcye olmaktan dolay\u0131 her daim onur duydum.<br>Y\u00fcksek enflasyonun yan\u0131s\u0131ra \u00fclkemizin i\u00e7inde bulundu\u011fu ekonomik ko\u015fullar, gerekse pandeminin etkilerinin devam ediyor olmas\u0131 ve k\u00fcresel krizler nedeniyle zorlu bir ba\u015flang\u0131\u00e7 yapt\u0131k.<br>\u00d6n\u00fcm\u00fczdeki d\u00f6nemde hedefimiz bilimsel ve teknolojik geli\u015fmeleri yak\u0131ndan izleyerek, \u00fcyelerimize ve meslek mensuplar\u0131na uzmanl\u0131\u011f\u0131 faaliyetlerini geli\u015ftirmekte katk\u0131 sa\u011flamak olacakt\u0131r.Bug\u00fcnden sonra \u00e7\u0131tay\u0131 daha da yukar\u0131 \u00e7\u0131kartarak yolumuza devam edece\u011fiz. Bilgi ve tecr\u00fcbe el ele verince \u00fcstesinden gelinmeyecek i\u015f yoktur. Ba\u015fta dernek \u00fcyelerimize olmak \u00fczere t\u00fcm meslek mensuplar\u0131na de\u011fer katmak; hep beraber ak\u0131l ve menfaat birli\u011fi olu\u015fturmak en temel hedefimizdir. Bu sayg\u0131n dernek \u00fcyelerine en iyi hizmeti sunma tutkusuyla \u00e7al\u0131\u015facak t\u00fcm yol arkada\u015flar\u0131ma te\u015fekk\u00fcr ediyorum.Hepinize sayg\u0131 ve sevgilerimi sunar\u0131m.<\/p>\n\n\n\n<p class=\"wp-block-paragraph\"><br><strong>Cemil KO\u00c7<br>Hazar \u0130\u015f Adamlar\u0131 Derne\u011fi<br>Kurucular Kurulu \u00dcyesi \u2013 Ba\u015fkan Vekili<\/strong><\/p>\n","protected":false},"excerpt":{"rendered":"<p>De\u011ferli Arkada\u015flar\u0131m ve Sevgili Meslekta\u015flar\u0131m, Derne\u011fimizin 2025 y\u0131l\u0131 se\u00e7imlerinde b\u00fcy\u00fck bir tevecc\u00fch g\u00f6stererek beni ve y\u00f6netim kurulunda bu onurlu makama lay\u0131k g\u00f6rd\u00fc\u011f\u00fcn\u00fcz i\u00e7in hepinize i\u00e7tenlikle te\u015fekk\u00fcr ediyorum. Hen\u00fcz yeni olan derne\u011fimizin yeni d\u00f6neminde ba\u015fkan se\u00e7ilmekten dolay\u0131 son derece gururluyum.Ba\u015fta y\u00f6netim kurulu olmak \u00fczere t\u00fcm \u00fcyelerimizin destekleri ile birlikte yeni ve faydal\u0131 \u00a0projelereimza ataca\u011f\u0131m\u0131za inanc\u0131m tamd\u0131r.Meslek [&hellip;]<\/p>\n","protected":false},"author":1,"featured_media":0,"parent":0,"menu_order":0,"comment_status":"closed","ping_status":"closed","template":"","meta":{"footnotes":""},"class_list":["post-113","page","type-page","status-publish","hentry"],"_links":{"self":[{"href":"https:\/\/haziad.org.tr\/index.php?rest_route=\/wp\/v2\/pages\/113","targetHints":{"allow":["GET"]}}],"collection":[{"href":"https:\/\/haziad.org.tr\/index.php?rest_route=\/wp\/v2\/pages"}],"about":[{"href":"https:\/\/haziad.org.tr\/index.php?rest_route=\/wp\/v2\/types\/page"}],"author":[{"embeddable":true,"href":"https:\/\/haziad.org.tr\/index.php?rest_route=\/wp\/v2\/users\/1"}],"replies":[{"embeddable":true,"href":"https:\/\/haziad.org.tr\/index.php?rest_route=%2Fwp%2Fv2%2Fcomments&post=113"}],"version-history":[{"count":4,"href":"https:\/\/haziad.org.tr\/index.php?rest_route=\/wp\/v2\/pages\/113\/revisions"}],"predecessor-version":[{"id":440,"href":"https:\/\/haziad.org.tr\/index.php?rest_route=\/wp\/v2\/pages\/113\/revisions\/440"}],"wp:attachment":[{"href":"https:\/\/haziad.org.tr\/index.php?rest_route=%2Fwp%2Fv2%2Fmedia&parent=113"}],"curies":[{"name":"wp","href":"https:\/\/api.w.org\/{rel}","templated":true}]}}